{"id":2060,"date":"2024-04-18T14:15:39","date_gmt":"2024-04-18T17:15:39","guid":{"rendered":"https:\/\/etbblanca-bue.infd.edu.ar\/sitio\/?page_id=2060"},"modified":"2026-04-30T12:08:23","modified_gmt":"2026-04-30T15:08:23","slug":"estados-administrativos","status":"publish","type":"page","link":"https:\/\/etbblanca-bue.infd.edu.ar\/sitio\/estados-administrativos\/","title":{"rendered":"ESTADOS ADMINISTRATIVOS"},"content":{"rendered":"\n<ul>\n<li><strong><a rel=\"noreferrer noopener\" href=\"https:\/\/docs.google.com\/document\/d\/1_bw5BBzs7uIHlp3jdT5T12EF9ShnFzKN\/edit?usp=sharing&amp;ouid=113658019181127189985&amp;rtpof=true&amp;sd=true\" target=\"_blank\">M\u00d3DELO \u00daNICO DE PLANIFICACI\u00d3N<\/a><\/strong>: <br>1- descargar el documento; 2- completar; 3- enviar a <a href=\"mailto:jefaturadeareateatro04@gmail.com\">jefaturadeareateatro04@gmail.com<\/a><br>Mes de entrega: febrero<\/li>\n<\/ul>\n\n\n\n<ul>\n<li><strong><a rel=\"noreferrer noopener\" href=\"https:\/\/docs.google.com\/spreadsheets\/d\/1TsAP8j9aLHAGXpcp-f15TKzAOtYEeiZj\/edit?usp=sharing&amp;ouid=113658019181127189985&amp;rtpof=true&amp;sd=true\" target=\"_blank\">DECLARACI\u00d3N JURADA DE M\u00d3DULOS Y CARGOS<\/a><\/strong><br>Mes de entrega: marzo\/abril<\/li>\n<\/ul>\n\n\n\n<ul>\n<li><a rel=\"noreferrer noopener\" href=\"https:\/\/docs.google.com\/document\/d\/14eNpq-0QayCR2IGZBZYxIVFsJy1RlNJe\/edit?usp=sharing&amp;ouid=113658019181127189985&amp;rtpof=true&amp;sd=true\" target=\"_blank\"><strong>CALIFICACI\u00d3N ANUAL DOCENTE (SET 4)<\/strong><\/a><br>Mes de entrega: noviembre<\/li>\n<\/ul>\n\n\n\n<ul>\n<li><a href=\"https:\/\/drive.google.com\/file\/d\/1pBzBMmVuIfGt_Yt-MyrSnbIIYfCuOfst\/view?usp=sharing\"><strong>FORMULARIO LICENCIAS 114 O.1 &#8211; 115<\/strong><\/a> (114: licencia por causas particulares por m\u00e1s de un d\u00eda; 115: licencia por estudio, mayor jeraraqu\u00eda, actividad cultural, entre otras encuadradas en el Estatuto del Docente).<\/li>\n<\/ul>\n\n\n\n<ul>\n<li><a href=\"https:\/\/docs.google.com\/document\/d\/1ZDq3xlPZ-b9zY9ZuDlFx8-hB1qKEguPu\/edit?usp=sharing&amp;ouid=113658019181127189985&amp;rtpof=true&amp;sd=true\"><strong>FORMULARIO 114 O.4<\/strong><\/a> (licencia por causas particulares por un d\u00eda)<\/li>\n<\/ul>\n\n\n\n<ul>\n<li><a rel=\"noreferrer noopener\" href=\"https:\/\/abc.gob.ar\/sad\/sites\/default\/files\/2024-11\/Planilla%20Afiliados%20IOMA.pdf\" target=\"_blank\"><strong>FICHA DE AFILACI\u00d3N IOMA<\/strong><\/a><\/li>\n<\/ul>\n\n\n\n<h2 class=\"wp-block-heading\">SALIDAS EDUCATIVAS<\/h2>\n\n\n\n<p>\u00bfQu\u00e9 es una salida educativa?<\/p>\n\n\n\n<p>Las salidas educativas y de representaci\u00f3n institucional constituyen actividades pedag\u00f3gicas que permiten a las y los estudiantes tomar contacto directo con distintos contextos fuera del edificio escolar, dando lugar a situaciones educativas que favorecen la construcci\u00f3n de nuevos conocimientos, fortalecen los procesos de ense\u00f1anza y de aprendizaje y brindan una oportunidad para la apropiaci\u00f3n y profundizaci\u00f3n de los contenidos curriculares a partir de experiencias significativas y espec\u00edficas. El\/la docente traslada y reconstruye su espacio \u00e1ulico en el \u00e1mbito de la salida educativa.<\/p>\n\n\n\n<p>Tanto las salidas educativas como las salidas de representaci\u00f3n institucional tienen una finalidad pedag\u00f3gica, deben ser la resultante de una propuesta did\u00e1ctica enmarcada en el proyecto institucional, que el\/la docente ha considerado como un escenario \u00f3ptimo para la formaci\u00f3n de la autonom\u00eda, creatividad y sentido cr\u00edtico de las y los estudiantes.<\/p>\n\n\n\n<p class=\"has-contrast-2-color has-text-color\"><em>(Procedimiento: descargar el archivo, completarlo y luego enviarlo en formato word a la casilla de correo de la escuela: <a href=\"mailto:escueladeteatrobahiablanca@abc.gob.ar\">escueladeteatrobahiablanca@abc.gob.ar<\/a>)<\/em><\/p>\n\n\n\n<ul>\n<li><a href=\"https:\/\/drive.google.com\/file\/d\/1Ntfgw7vDYDB2VASi8HMAv2tBtqZ2cqjm\/view?usp=sharing\" target=\"_blank\" rel=\"noreferrer noopener\">Normativa<\/a><\/li>\n\n\n\n<li><a href=\"https:\/\/drive.google.com\/file\/d\/1UtTUrGFFV6r9dx6fYWwTnhhp9U8cL1y4\/view?usp=sharing\" target=\"_blank\" rel=\"noreferrer noopener\">ANEXO 1<\/a> &#8211; Requisitos generales<\/li>\n\n\n\n<li><a href=\"https:\/\/drive.google.com\/file\/d\/1Fgg7gHdgIYb1ORkGCSViHctlf34aiQ1f\/view?usp=sharing\" target=\"_blank\" rel=\"noreferrer noopener\">ANEXO 2<\/a> &#8211; Plazos de presentaci\u00f3n de los proyectos y responsables<\/li>\n\n\n\n<li><a href=\"https:\/\/drive.google.com\/file\/d\/1BzjWSTsNYZPR0lTBzx1RQMO5wUskLj8Z\/view?usp=sharing\" target=\"_blank\" rel=\"noreferrer noopener\">ANEXO 3<\/a> &#8211; Autorizaci\u00f3n general para actividades durante el ciclo lectivo<\/li>\n\n\n\n<li><a href=\"https:\/\/docs.google.com\/document\/d\/1JWcBNywareQbH0Guzz5tKPZegP-BR0mK\/edit?usp=drive_link&amp;ouid=116143206747956682838&amp;rtpof=true&amp;sd=true\" target=\"_blank\" rel=\"noreferrer noopener\">ANEXO 4<\/a> &#8211; Formulario de itinerario, actividades, objetivos y cronograma<\/li>\n\n\n\n<li><a href=\"https:\/\/docs.google.com\/document\/d\/1ThrrZmW2U6ePSdhBOt7n6RIkFApx1t49\/edit?usp=drive_link&amp;ouid=116143206747956682838&amp;rtpof=true&amp;sd=true\" target=\"_blank\" rel=\"noreferrer noopener\">ANEXO 5<\/a> &#8211; Planilla de estudiantes y acompa\u00f1antes planilla de asistencia.<\/li>\n\n\n\n<li><a href=\"https:\/\/docs.google.com\/document\/d\/1LdevijRm0n5kfDsYoLcI7yA0RDmYUZ5y\/edit?usp=drive_link&amp;ouid=116143206747956682838&amp;rtpof=true&amp;sd=true\" target=\"_blank\" rel=\"noreferrer noopener\">ANEXO 6<\/a> &#8211; Salida educativa (estudiantes con menos de 18 a\u00f1os de edad)<\/li>\n\n\n\n<li><a href=\"https:\/\/drive.google.com\/file\/d\/1A9CqT8800OofhAx8quz2r5r_qbPKMD73\/view?usp=sharing\" target=\"_blank\" rel=\"noreferrer noopener\">ANEXO 7<\/a> &#8211; Estudiante mayor de 18 a\u00f1os o emancipado<\/li>\n\n\n\n<li><a href=\"https:\/\/docs.google.com\/document\/d\/1UnZ7gCtDN1bUiO2NFG3ZC_q2zNO-yIYk\/edit?usp=drive_link&amp;ouid=116143206747956682838&amp;rtpof=true&amp;sd=true\" target=\"_blank\" rel=\"noreferrer noopener\">ANEXO 8<\/a> &#8211; Planilla informe de transporte a contratar <\/li>\n\n\n\n<li><a href=\"https:\/\/docs.google.com\/document\/d\/1NfYpJ2aazdHfnxCZv7nte0OKF7HcCgNJ\/edit?usp=drive_link&amp;ouid=116143206747956682838&amp;rtpof=true&amp;sd=true\" target=\"_blank\" rel=\"noreferrer noopener\">ANEXO 9<\/a> &#8211; Declaraci\u00f3n de directivos y\/o representantes legales<\/li>\n<\/ul>\n","protected":false},"excerpt":{"rendered":"<p>SALIDAS EDUCATIVAS \u00bfQu\u00e9 es una salida educativa? Las salidas educativas y de representaci\u00f3n institucional constituyen actividades pedag\u00f3gicas que permiten a las y los estudiantes tomar contacto directo con distintos contextos fuera del edificio escolar, dando lugar a situaciones educativas que favorecen la construcci\u00f3n de nuevos conocimientos, fortalecen los procesos de ense\u00f1anza y de aprendizaje y &#8230; <a title=\"ESTADOS ADMINISTRATIVOS\" class=\"read-more\" href=\"https:\/\/etbblanca-bue.infd.edu.ar\/sitio\/estados-administrativos\/\" aria-label=\"More on ESTADOS ADMINISTRATIVOS\">[+]<\/a><\/p>\n","protected":false},"author":1570,"featured_media":0,"parent":0,"menu_order":0,"comment_status":"closed","ping_status":"closed","template":"","meta":[],"acf":[],"_links":{"self":[{"href":"https:\/\/etbblanca-bue.infd.edu.ar\/sitio\/wp-json\/wp\/v2\/pages\/2060"}],"collection":[{"href":"https:\/\/etbblanca-bue.infd.edu.ar\/sitio\/wp-json\/wp\/v2\/pages"}],"about":[{"href":"https:\/\/etbblanca-bue.infd.edu.ar\/sitio\/wp-json\/wp\/v2\/types\/page"}],"author":[{"embeddable":true,"href":"https:\/\/etbblanca-bue.infd.edu.ar\/sitio\/wp-json\/wp\/v2\/users\/1570"}],"replies":[{"embeddable":true,"href":"https:\/\/etbblanca-bue.infd.edu.ar\/sitio\/wp-json\/wp\/v2\/comments?post=2060"}],"version-history":[{"count":24,"href":"https:\/\/etbblanca-bue.infd.edu.ar\/sitio\/wp-json\/wp\/v2\/pages\/2060\/revisions"}],"predecessor-version":[{"id":2792,"href":"https:\/\/etbblanca-bue.infd.edu.ar\/sitio\/wp-json\/wp\/v2\/pages\/2060\/revisions\/2792"}],"wp:attachment":[{"href":"https:\/\/etbblanca-bue.infd.edu.ar\/sitio\/wp-json\/wp\/v2\/media?parent=2060"}],"curies":[{"name":"wp","href":"https:\/\/api.w.org\/{rel}","templated":true}]}}